{"id":163,"date":"2016-05-27T18:49:09","date_gmt":"2016-05-27T18:49:09","guid":{"rendered":"http:\/\/c2.usac.edu.gt\/iumusac\/public_html\/?page_id=163"},"modified":"2022-07-09T13:40:51","modified_gmt":"2022-07-09T13:40:51","slug":"programa-perspectiva-de-genero-en-educacion-superior","status":"publish","type":"page","link":"https:\/\/iumusac.usac.edu.gt\/?page_id=163","title":{"rendered":"C\u00e1tedra Ixkik&#8217;"},"content":{"rendered":"<p><strong>Objetivos<\/strong><\/p>\n<ul>\n<li>Incidir en la curr\u00edcula univerrsitaria para integrar la cosmovision y epistemolog\u00eda de los pueblos y de las mujeres mayas.<\/li>\n<li>Promover el debate y el an\u00e1lisis para la transformaci\u00f3n de las exclusiones y el racismo en el acceso de las mujeres a la educaci\u00f3n superior.<\/li>\n<li>Potenciar la participaci\u00f3n de las mujeres mayas, en espacios universitarios de toma de decisiones.<\/li>\n<\/ul>\n<p>Espacio coordinado por IUMUSAC, Aj K&#8217;amalb&#8217;e Comisi\u00f3n Ixkik&#8217; Kom\u00f3n, DIGI, DIGED, DIGEU, Escuela de Historia, Escuela de Trabajo Social, Escuela de Ciencia Pol\u00edtica y EFPEM.<\/p>\n<p>Aprobada por Acuerdo de Rector\u00eda No.399-2014 del 25 de marzo 2014.<\/p>\n<p><em><strong>A\u00d1O 2020 Actividades.<\/strong><\/em><\/p>\n<p><span style=\"font-size: revert; color: initial;\">Afiche. Invitaci\u00f3n 10 de agosto de 2020, en el Marco de la Conmemoraci\u00f3n del D\u00eda Internacional de los Pueblos Ind\u00edgenas. IUMUSAC C\u00e1tedra IXKIK<\/span><\/p>\n\n\n<figure class=\"wp-block-image size-large\"><img loading=\"lazy\" decoding=\"async\" width=\"917\" height=\"1024\" src=\"https:\/\/iumusac.usac.edu.gt\/wp-content\/uploads\/2022\/07\/Catedra-IXKIK-2020-917x1024.jpg\" alt=\"\" class=\"wp-image-1185\" srcset=\"https:\/\/iumusac.usac.edu.gt\/wp-content\/uploads\/2022\/07\/Catedra-IXKIK-2020-917x1024.jpg 917w, https:\/\/iumusac.usac.edu.gt\/wp-content\/uploads\/2022\/07\/Catedra-IXKIK-2020-269x300.jpg 269w, https:\/\/iumusac.usac.edu.gt\/wp-content\/uploads\/2022\/07\/Catedra-IXKIK-2020-768x858.jpg 768w, https:\/\/iumusac.usac.edu.gt\/wp-content\/uploads\/2022\/07\/Catedra-IXKIK-2020.jpg 1080w\" sizes=\"(max-width: 917px) 100vw, 917px\" \/><\/figure>\n\n\n\n<p><\/p>\n\n\n\n<p>En trabajo conjunto con la DIGI e Institutos de Investigaci\u00f3n de la USAC CECEG, IDEPI, IUMUSAC con sus competencias especializadas para generar espacio de discusi\u00f3n, an\u00e1lisis y reflexi\u00f3n en beneficio de la sociedad guatemalteca.  Conversatorios del 11 al 13 de agosto de 2020,  en el Marco de la Conmemoraci\u00f3n del D\u00eda Internacional de los Pueblos Ind\u00edgenas.<\/p>\n\n\n\n<figure class=\"wp-block-image size-full\"><img loading=\"lazy\" decoding=\"async\" width=\"798\" height=\"960\" src=\"https:\/\/iumusac.usac.edu.gt\/wp-content\/uploads\/2022\/07\/Seminario-Iumusac-Ceceg.jpg\" alt=\"\" class=\"wp-image-1186\" srcset=\"https:\/\/iumusac.usac.edu.gt\/wp-content\/uploads\/2022\/07\/Seminario-Iumusac-Ceceg.jpg 798w, https:\/\/iumusac.usac.edu.gt\/wp-content\/uploads\/2022\/07\/Seminario-Iumusac-Ceceg-249x300.jpg 249w, https:\/\/iumusac.usac.edu.gt\/wp-content\/uploads\/2022\/07\/Seminario-Iumusac-Ceceg-768x924.jpg 768w\" sizes=\"(max-width: 798px) 100vw, 798px\" \/><\/figure>\n\n\n\n<p><strong>A\u00d1O 2021.  Actividades<\/strong> <\/p>\n\n\n","protected":false},"excerpt":{"rendered":"<p>Objetivos Incidir en la curr\u00edcula univerrsitaria para integrar la cosmovision y epistemolog\u00eda de los pueblos y de las mujeres mayas. Promover el debate y el an\u00e1lisis para la transformaci\u00f3n de las exclusiones y el racismo en el acceso de las mujeres a la educaci\u00f3n superior. Potenciar la participaci\u00f3n de las mujeres mayas, en espacios universitarios [&hellip;]<\/p>\n","protected":false},"author":1,"featured_media":0,"parent":57,"menu_order":0,"comment_status":"closed","ping_status":"closed","template":"","meta":{"footnotes":""},"class_list":["post-163","page","type-page","status-publish","czr-hentry"],"_links":{"self":[{"href":"https:\/\/iumusac.usac.edu.gt\/index.php?rest_route=\/wp\/v2\/pages\/163"}],"collection":[{"href":"https:\/\/iumusac.usac.edu.gt\/index.php?rest_route=\/wp\/v2\/pages"}],"about":[{"href":"https:\/\/iumusac.usac.edu.gt\/index.php?rest_route=\/wp\/v2\/types\/page"}],"author":[{"embeddable":true,"href":"https:\/\/iumusac.usac.edu.gt\/index.php?rest_route=\/wp\/v2\/users\/1"}],"replies":[{"embeddable":true,"href":"https:\/\/iumusac.usac.edu.gt\/index.php?rest_route=%2Fwp%2Fv2%2Fcomments&post=163"}],"version-history":[{"count":8,"href":"https:\/\/iumusac.usac.edu.gt\/index.php?rest_route=\/wp\/v2\/pages\/163\/revisions"}],"predecessor-version":[{"id":1189,"href":"https:\/\/iumusac.usac.edu.gt\/index.php?rest_route=\/wp\/v2\/pages\/163\/revisions\/1189"}],"up":[{"embeddable":true,"href":"https:\/\/iumusac.usac.edu.gt\/index.php?rest_route=\/wp\/v2\/pages\/57"}],"wp:attachment":[{"href":"https:\/\/iumusac.usac.edu.gt\/index.php?rest_route=%2Fwp%2Fv2%2Fmedia&parent=163"}],"curies":[{"name":"wp","href":"https:\/\/api.w.org\/{rel}","templated":true}]}}